{"id":75,"date":"2024-04-18T11:09:04","date_gmt":"2024-04-18T09:09:04","guid":{"rendered":"https:\/\/praks.sk\/?page_id=75"},"modified":"2025-07-07T13:49:28","modified_gmt":"2025-07-07T11:49:28","slug":"registration","status":"publish","type":"page","link":"https:\/\/praks.sk\/en\/registration\/","title":{"rendered":"Prihl\u00e1senie"},"content":{"rendered":"<p><\/p>\n\n\n\n<p><br><\/p>\n\n\n\n<p><\/p>\n\n\n\n<p><\/p>\n\n\n\n<div class=\"wp-block-columns prihlaseniePage is-layout-flex wp-container-core-columns-is-layout-0591b9f6 wp-block-columns-is-layout-flex\" style=\"padding-top:0;padding-right:var(--wp--preset--spacing--60);padding-bottom:0;padding-left:var(--wp--preset--spacing--60)\">\n<div class=\"wp-block-column is-layout-flow wp-block-column-is-layout-flow\">\n<div class=\"wp-block-group has-global-padding is-layout-constrained wp-block-group-is-layout-constrained\">\n<figure class=\"wp-block-image size-large\"><img loading=\"lazy\" decoding=\"async\" width=\"819\" height=\"1024\" src=\"https:\/\/praks.sk\/wp-content\/uploads\/2025\/06\/OBYVACKA_-POSTER_1-3-819x1024.jpg\" alt=\"\" class=\"wp-image-751\" srcset=\"https:\/\/praks.sk\/wp-content\/uploads\/2025\/06\/OBYVACKA_-POSTER_1-3-819x1024.jpg 819w, https:\/\/praks.sk\/wp-content\/uploads\/2025\/06\/OBYVACKA_-POSTER_1-3-240x300.jpg 240w, https:\/\/praks.sk\/wp-content\/uploads\/2025\/06\/OBYVACKA_-POSTER_1-3-768x960.jpg 768w, https:\/\/praks.sk\/wp-content\/uploads\/2025\/06\/OBYVACKA_-POSTER_1-3-1229x1536.jpg 1229w, https:\/\/praks.sk\/wp-content\/uploads\/2025\/06\/OBYVACKA_-POSTER_1-3-1638x2048.jpg 1638w, https:\/\/praks.sk\/wp-content\/uploads\/2025\/06\/OBYVACKA_-POSTER_1-3-10x12.jpg 10w, https:\/\/praks.sk\/wp-content\/uploads\/2025\/06\/OBYVACKA_-POSTER_1-3-scaled.jpg 2048w\" sizes=\"auto, (max-width: 819px) 100vw, 819px\" \/><\/figure>\n\n\n\n<p class=\"has-base-2-color has-text-color has-link-color wp-elements-87dc9a112865e9976c2195c4bc080de7\"><strong>when:<\/strong><br>29.07. &#8211; 02.08. 2025<br>5 dn\u00ed<\/p>\n\n\n\n<p><strong>theme:<\/strong><br>Ob\u00fdva\u010dka v n\u00e1dvor\u00ed<\/p>\n\n\n\n<p>Ob\u00fdva\u010dka nie je len miestom oddychu, je sc\u00e9nou pre \u013eudsk\u00e9 spojenie. Na princ\u00edpe konverza\u010dnej jamy, postav\u00edme v n\u00e1dvor\u00ed vlastn\u00fd svet, oddelen\u00fd od vonkaj\u0161ieho ruchu a pripraven\u00fd kultivova\u0165 rozhovory, \u013eudskos\u0165, oddych, bezpe\u010die, rovnos\u0165 a intimitu.<\/p>\n\n\n\n<p><strong>where:<\/strong><br>Mestsk\u00e9 kult\u00farne centrum Hlohovec, \u010cIL:z\u00f3na n\u00e1dvorie, Hlohovec, Slovensko<\/p>\n\n\n\n<p>\u010cIL:z\u00f3na sa nach\u00e1dza v priamom centre mesta Hlohovec, v n\u00e1dvor\u00ed Mestsk\u00e9ho kult\u00farneho centra. V s\u00fa\u010dasnosti priestor \u017eije umeleck\u00fdmi a komunitn\u00fdmi podujatiami. Cie\u013eom \u010cIL:z\u00f3ny je poskytn\u00fa\u0165 miesto pre oddych a sp\u00e1janie \u013eud\u00ed.&nbsp;<\/p>\n\n\n\n<p><strong>for whom the workshop is intended:<\/strong><br>pre 10 \u0161tudentov\/tiek vysok\u00fdch \u0161k\u00f4l zo Slovenska aj zahrani\u010dia&nbsp;<\/p>\n\n\n\n<p><strong>registra\u010dn\u00fd poplatok<\/strong><br>70\u20ac&nbsp;<\/p>\n\n\n\n<p>V cene registra\u010dn\u00e9ho poplatku je zahrnut\u00fd 5-d\u0148ov\u00fd program &#8211; praks (n\u00e1radie, stavebn\u00fd materi\u00e1l), sprievodn\u00e1 te\u00f3ria (t\u00fatoring a predn\u00e1\u0161ky host\u00ed), ob\u010derstvenie (k\u00e1va, drobn\u00e9 desiaty), ubytovanie s hygienick\u00fdm z\u00e1zem\u00edm (sp\u00e1nok na vlastnej karimatke v divadle). Dopravu a stravu si \u00fa\u010dastn\u00edk\/\u010dka zabezpe\u010duje individu\u00e1lne.<\/p>\n\n\n\n<p><strong>the program:&nbsp;<\/strong><br>Architektonick\u00fd workshop PRAKS sa zameriava na hmatate\u013en\u00fa rovinu architekt\u00fary. Cie\u013eom je obozn\u00e1menie sa s praktickou str\u00e1nkou architekt\u00fary, prehlbovanie vz\u0165ahu k nej akt\u00edvnou pr\u00e1cou na realiz\u00e1cii diela a zvy\u0161ovanie povedomia o environment\u00e1lne zodpovednej tvorbe. Praktick\u00e1 \u010das\u0165 workshopov je doplnen\u00e1 tematick\u00fdmi predn\u00e1\u0161kami. Nedokonalosti s rados\u0165ou v\u00edtame, na chyb\u00e1ch sa u\u010d\u00edme. Experiment n\u00e1s bav\u00ed a vyzdvihujeme jeho hodnotu. Vol\u00edme najm\u00e4 environment\u00e1lne \u0161etrn\u00e9 materi\u00e1ly, procesy a mierku. Uva\u017eujeme v duchu minimaliz\u00e1cie nov\u00e9ho, op\u00e4tovn\u00e9ho pou\u017eitia jestvuj\u00faceho a recykl\u00e1cie zdanlivo nepotrebn\u00e9ho.<\/p>\n\n\n\n<p>Just fill out the application form and we'll get back to you.&nbsp;<\/p>\n\n\n\n<p>In case of additional questions, do not hesitate to contact us.<\/p>\n\n\n\n<p><strong>binding application:<\/strong> <a href=\"https:\/\/docs.google.com\/forms\/d\/e\/1FAIpQLSeupHCS6F-0-AX3jz6m-I7J-BfH7ZAg7aTks4n2BTpP0IvMQg\/viewform?usp=dialog\">Google Forms Link<\/a><\/p>\n\n\n\n<p><\/p>\n<\/div>\n<\/div>\n\n\n\n<div class=\"wp-block-column is-layout-flow wp-block-column-is-layout-flow\">\n<div class=\"wp-block-group has-global-padding is-layout-constrained wp-block-group-is-layout-constrained\">\n<figure class=\"wp-block-image aligncenter size-large\"><img loading=\"lazy\" decoding=\"async\" width=\"819\" height=\"1024\" src=\"https:\/\/praks.sk\/wp-content\/uploads\/2025\/06\/PRESOV_plna-kapacita-819x1024.jpg\" alt=\"\" class=\"wp-image-770\" srcset=\"https:\/\/praks.sk\/wp-content\/uploads\/2025\/06\/PRESOV_plna-kapacita-819x1024.jpg 819w, https:\/\/praks.sk\/wp-content\/uploads\/2025\/06\/PRESOV_plna-kapacita-240x300.jpg 240w, https:\/\/praks.sk\/wp-content\/uploads\/2025\/06\/PRESOV_plna-kapacita-768x960.jpg 768w, https:\/\/praks.sk\/wp-content\/uploads\/2025\/06\/PRESOV_plna-kapacita-1229x1536.jpg 1229w, https:\/\/praks.sk\/wp-content\/uploads\/2025\/06\/PRESOV_plna-kapacita-1638x2048.jpg 1638w, https:\/\/praks.sk\/wp-content\/uploads\/2025\/06\/PRESOV_plna-kapacita-10x12.jpg 10w, https:\/\/praks.sk\/wp-content\/uploads\/2025\/06\/PRESOV_plna-kapacita-scaled.jpg 2048w\" sizes=\"auto, (max-width: 819px) 100vw, 819px\" \/><\/figure>\n\n\n\n<p class=\"has-base-2-color has-text-color has-link-color wp-elements-2e3c20130a70194d8298aa9d6a8db6cb\"><strong>when:<\/strong><br>27.08. &#8211; 01.09. 2025<br>6 dn\u00ed&nbsp;&nbsp;<\/p>\n\n\n\n<p><strong>theme:<\/strong><br>\u00dato\u010disko v parku<\/p>\n\n\n\n<p>V z\u00e1ti\u0161\u00ed stromov spolo\u010dne postav\u00edme \u00fato\u010disko pre kult\u00faru aj ka\u017edodenn\u00fd \u017eivot. Komunitn\u00e1 platforma pod jednou strechou, bude pozv\u00e1nkou na zastavenie sa, stret\u00e1vanie, umeleck\u00fa tvorbu aj vzdel\u00e1vanie. Miesto, kde kedysi st\u00e1la font\u00e1na Dru\u017eba, tak znova rozv\u00edri vlny verejn\u00e9ho \u017eivota v parku.<\/p>\n\n\n\n<p><strong>where:<\/strong><br>Mestsk\u00fd park pri Wave~centrum nez\u00e1vislej kult\u00fary, Pre\u0161ov, Slovensko<\/p>\n\n\n\n<p>Tich\u00e9 z\u00e1kutie pri font\u00e1ne m\u00e1 potenci\u00e1l sta\u0165 sa trvalou s\u00fa\u010das\u0165ou komunitn\u00e9ho \u017eivota v meste. Parkom denne prech\u00e1dzaj\u00fa r\u00f4zne skupiny obyvate\u013eov, ktor\u00fdch m\u00f4\u017ee nov\u00fd z\u00e1chytn\u00fd bod prirodzene prep\u00e1ja\u0165. \u00dato\u010disko bude zrasten\u00e9 s miestom a jeho identitou.<\/p>\n\n\n\n<p><strong>for whom the workshop is intended:<\/strong><br>pre 10 \u0161tudentov\/tiek vysok\u00fdch \u0161k\u00f4l zo Slovenska aj zahrani\u010dia&nbsp;<\/p>\n\n\n\n<p><strong>registra\u010dn\u00fd poplatok<\/strong><br>90\u20ac&nbsp;<\/p>\n\n\n\n<p>V cene registra\u010dn\u00e9ho poplatku je zahrnut\u00fd 6-d\u0148ov\u00fd program &#8211; praks (n\u00e1radie, stavebn\u00fd materi\u00e1l), sprievodn\u00e1 te\u00f3ria (t\u00fatoring a predn\u00e1\u0161ky host\u00ed), ob\u010derstvenie (k\u00e1va, drobn\u00e9 desiaty), ubytovanie s hygienick\u00fdm z\u00e1zem\u00edm (sp\u00e1nok mo\u017eno na vlastnej karimatke). Dopravu a stravu si \u00fa\u010dastn\u00edk\/\u010dka zabezpe\u010duje individu\u00e1lne.<\/p>\n\n\n\n<p><strong>the program:&nbsp;<\/strong><br>Architektonick\u00fd workshop PRAKS sa zameriava na hmatate\u013en\u00fa rovinu architekt\u00fary. Cie\u013eom je obozn\u00e1menie sa s praktickou str\u00e1nkou architekt\u00fary, prehlbovanie vz\u0165ahu k nej akt\u00edvnou pr\u00e1cou na realiz\u00e1cii diela a zvy\u0161ovanie povedomia o environment\u00e1lne zodpovednej tvorbe. Praktick\u00e1 \u010das\u0165 workshopov je doplnen\u00e1 tematick\u00fdmi predn\u00e1\u0161kami. Nedokonalosti s rados\u0165ou v\u00edtame, na chyb\u00e1ch sa u\u010d\u00edme. Experiment n\u00e1s bav\u00ed a vyzdvihujeme jeho hodnotu. Vol\u00edme najm\u00e4 environment\u00e1lne \u0161etrn\u00e9 materi\u00e1ly, procesy a mierku. Uva\u017eujeme v duchu minimaliz\u00e1cie nov\u00e9ho, op\u00e4tovn\u00e9ho pou\u017eitia jestvuj\u00faceho a recykl\u00e1cie zdanlivo nepotrebn\u00e9ho.<\/p>\n\n\n\n<p>Just fill out the application form and we'll get back to you.&nbsp;<\/p>\n\n\n\n<p>In case of additional questions, do not hesitate to contact us.<\/p>\n\n\n\n<p><\/p>\n\n\n\n<p><\/p>\n<\/div>\n\n\n\n<figure class=\"wp-block-image size-large\"><img loading=\"lazy\" decoding=\"async\" width=\"819\" height=\"1024\" src=\"https:\/\/praks.sk\/wp-content\/uploads\/2025\/06\/PUSTOVNA_2024-819x1024.jpg\" alt=\"\" class=\"wp-image-739\"\/><\/figure>\n\n\n\n<figure class=\"wp-block-image size-large\"><img loading=\"lazy\" decoding=\"async\" width=\"819\" height=\"1024\" src=\"https:\/\/praks.sk\/wp-content\/uploads\/2025\/06\/ARTA_2024-819x1024.jpg\" alt=\"\" class=\"wp-image-740\" srcset=\"https:\/\/praks.sk\/wp-content\/uploads\/2025\/06\/ARTA_2024-819x1024.jpg 819w, https:\/\/praks.sk\/wp-content\/uploads\/2025\/06\/ARTA_2024-240x300.jpg 240w, https:\/\/praks.sk\/wp-content\/uploads\/2025\/06\/ARTA_2024-768x960.jpg 768w, https:\/\/praks.sk\/wp-content\/uploads\/2025\/06\/ARTA_2024-1229x1536.jpg 1229w, https:\/\/praks.sk\/wp-content\/uploads\/2025\/06\/ARTA_2024-1638x2048.jpg 1638w, https:\/\/praks.sk\/wp-content\/uploads\/2025\/06\/ARTA_2024-10x12.jpg 10w, https:\/\/praks.sk\/wp-content\/uploads\/2025\/06\/ARTA_2024-scaled.jpg 2048w\" sizes=\"auto, (max-width: 819px) 100vw, 819px\" \/><\/figure>\n\n\n\n<figure class=\"wp-block-image size-large\"><img loading=\"lazy\" decoding=\"async\" width=\"819\" height=\"1024\" src=\"https:\/\/praks.sk\/wp-content\/uploads\/2025\/06\/SAUNA_2023-1-819x1024.jpg\" alt=\"\" class=\"wp-image-752\" srcset=\"https:\/\/praks.sk\/wp-content\/uploads\/2025\/06\/SAUNA_2023-1-819x1024.jpg 819w, https:\/\/praks.sk\/wp-content\/uploads\/2025\/06\/SAUNA_2023-1-240x300.jpg 240w, https:\/\/praks.sk\/wp-content\/uploads\/2025\/06\/SAUNA_2023-1-768x960.jpg 768w, https:\/\/praks.sk\/wp-content\/uploads\/2025\/06\/SAUNA_2023-1-1229x1536.jpg 1229w, https:\/\/praks.sk\/wp-content\/uploads\/2025\/06\/SAUNA_2023-1-1638x2048.jpg 1638w, https:\/\/praks.sk\/wp-content\/uploads\/2025\/06\/SAUNA_2023-1-10x12.jpg 10w, https:\/\/praks.sk\/wp-content\/uploads\/2025\/06\/SAUNA_2023-1-scaled.jpg 2048w\" sizes=\"auto, (max-width: 819px) 100vw, 819px\" \/><\/figure>\n\n\n\n<p><\/p>\n<\/div>\n<\/div>\n\n\n\n<p><\/p>","protected":false},"excerpt":{"rendered":"<p>kedy:29.07. &#8211; 02.08. 20255 dn\u00ed t\u00e9ma:Ob\u00fdva\u010dka v n\u00e1dvor\u00ed Ob\u00fdva\u010dka nie je len miestom oddychu, je sc\u00e9nou pre \u013eudsk\u00e9 spojenie. Na princ\u00edpe konverza\u010dnej jamy, postav\u00edme v n\u00e1dvor\u00ed vlastn\u00fd svet, oddelen\u00fd od vonkaj\u0161ieho ruchu a pripraven\u00fd kultivova\u0165 rozhovory, \u013eudskos\u0165, oddych, bezpe\u010die, rovnos\u0165 a intimitu. kde:Mestsk\u00e9 kult\u00farne centrum Hlohovec, \u010cIL:z\u00f3na n\u00e1dvorie, Hlohovec, Slovensko \u010cIL:z\u00f3na sa nach\u00e1dza v priamom [&hellip;]<\/p>","protected":false},"author":1,"featured_media":0,"parent":0,"menu_order":0,"comment_status":"closed","ping_status":"closed","template":"page-no-title","meta":{"_acf_changed":false,"footnotes":""},"class_list":["post-75","page","type-page","status-publish","hentry"],"acf":[],"_links":{"self":[{"href":"https:\/\/praks.sk\/en\/wp-json\/wp\/v2\/pages\/75","targetHints":{"allow":["GET"]}}],"collection":[{"href":"https:\/\/praks.sk\/en\/wp-json\/wp\/v2\/pages"}],"about":[{"href":"https:\/\/praks.sk\/en\/wp-json\/wp\/v2\/types\/page"}],"author":[{"embeddable":true,"href":"https:\/\/praks.sk\/en\/wp-json\/wp\/v2\/users\/1"}],"replies":[{"embeddable":true,"href":"https:\/\/praks.sk\/en\/wp-json\/wp\/v2\/comments?post=75"}],"version-history":[{"count":42,"href":"https:\/\/praks.sk\/en\/wp-json\/wp\/v2\/pages\/75\/revisions"}],"predecessor-version":[{"id":777,"href":"https:\/\/praks.sk\/en\/wp-json\/wp\/v2\/pages\/75\/revisions\/777"}],"wp:attachment":[{"href":"https:\/\/praks.sk\/en\/wp-json\/wp\/v2\/media?parent=75"}],"curies":[{"name":"wp","href":"https:\/\/api.w.org\/{rel}","templated":true}]}}